{"id":3,"date":"2024-12-08T13:53:56","date_gmt":"2024-12-08T13:53:56","guid":{"rendered":"https:\/\/kontraband.eu\/?page_id=3"},"modified":"2024-12-09T12:49:43","modified_gmt":"2024-12-09T12:49:43","slug":"privacy-policy","status":"publish","type":"page","link":"https:\/\/kontraband.eu\/?page_id=3","title":{"rendered":"Pol\u00edtica de privacidad"},"content":{"rendered":"\n<h2 class=\"wp-block-heading\">Quienes somos<\/h2>\n\n\n\n<h2 class=\"wp-block-heading\">Asociaci\u00f3n musical K\u00d8NTRAB\u00c4ND :<\/h2>\n\n\n\n<p class=\"wp-block-paragraph\">KONTRABAND tiene la forma jur\u00eddica de Asociaci\u00f3n Musical sin \u00e1nimo de lucro. Decidimos constituirnos con la forma de asociaci\u00f3n porque es el tipo de agrupaci\u00f3n que m\u00e1s se aproxima a los objetivos que tenemos.<\/p>\n\n\n\n<p class=\"wp-block-paragraph\">Con el nombre de&nbsp; ASOCIACI\u00d3N MUSICAL K\u00d8NTRAB\u00c4ND se constituye una Asociaci\u00f3n sin \u00e1nimo de lucro, acogi\u00e9ndose a lo dispuesto en la Ley Org\u00e1nica 1\/2002, de 22 de marzo, reguladora del Derecho de Asociaci\u00f3n y Ley 7\/2007, de 22 de junio, de Asociaciones de Euskadi, aprobada por el Parlamento Vasco, de acuerdo con lo establecido en los art\u00edculos 9 y 10.13 del Estatuto de Autonom\u00eda para el Pa\u00eds Vasco.<\/p>\n\n\n\n<p class=\"wp-block-paragraph\">La Asociacion Musical K\u00d8NTRAB\u00c4ND est\u00e1 inscrita en el Registro General de Asociaciones del Pa\u00eds Vasco con fecha del 09 de junio de 2022 con n\u00famero de registro 2022RTS01380814.<\/p>\n\n\n\n<p class=\"wp-block-paragraph\">Dicha Asociaci\u00f3n se regir\u00e1 por los preceptos de las citadas Leyes de Asociaciones, por los presentes Estatutos en cuanto no est\u00e9n en contradicci\u00f3n con la Ley, por los acuerdos v\u00e1lidamente adoptados por sus \u00f3rganos de gobierno, siempre que no sean contrarios a la Ley y\/o a los Estatutos, y por las disposiciones reglamentarias que apruebe el Gobierno Vasco, que solamente tendr\u00e1n car\u00e1cter supletorio.<\/p>\n\n\n\n<h2 class=\"wp-block-heading\">Fines<\/h2>\n\n\n\n<p class=\"wp-block-paragraph\">Los <strong>FINES <\/strong>de la Asociaci\u00f3n Musical K\u00d8NTRAB\u00c4ND son:<\/p>\n\n\n\n<p class=\"wp-block-paragraph\">La promoci\u00f3n de la cultura en general y de la m\u00fasica rock en particular a trav\u00e9s de la divulgaci\u00f3n de contenidos musicales mediante cualquier soporte, medio de comunicaci\u00f3n, medio de transmisi\u00f3n, ya sean anal\u00f3gicos, digitales o virtuales, incluida la ejecuci\u00f3n en directo. &nbsp;&nbsp;&nbsp;&nbsp;&nbsp;&nbsp;&nbsp;&nbsp;&nbsp;&nbsp;&nbsp;&nbsp;&nbsp;&nbsp;&nbsp;&nbsp;&nbsp;&nbsp;&nbsp;&nbsp;&nbsp;&nbsp;&nbsp;&nbsp;&nbsp;&nbsp;&nbsp;&nbsp;&nbsp;&nbsp;&nbsp;&nbsp;&nbsp;&nbsp;&nbsp;&nbsp;&nbsp;&nbsp;&nbsp;&nbsp;&nbsp;&nbsp;&nbsp;&nbsp;&nbsp;&nbsp;&nbsp;&nbsp;&nbsp;&nbsp;&nbsp;&nbsp;&nbsp;&nbsp;&nbsp;&nbsp;&nbsp;&nbsp;&nbsp;&nbsp;&nbsp;&nbsp;&nbsp;&nbsp;&nbsp;&nbsp;&nbsp;&nbsp;&nbsp;&nbsp;&nbsp;&nbsp;&nbsp;&nbsp;&nbsp;&nbsp;&nbsp;&nbsp;&nbsp;&nbsp;&nbsp;&nbsp;&nbsp;&nbsp;&nbsp;&nbsp;&nbsp;&nbsp;&nbsp;&nbsp;&nbsp;&nbsp;&nbsp;&nbsp;&nbsp;&nbsp;&nbsp;&nbsp;&nbsp;&nbsp;&nbsp;&nbsp;&nbsp;&nbsp;&nbsp;&nbsp;&nbsp;&nbsp;&nbsp;&nbsp;&nbsp;&nbsp;<\/p>\n\n\n\n<p class=\"wp-block-paragraph\">Promover la interacci\u00f3n y cohesi\u00f3n con otras asociaciones con intereses comunes&nbsp;&nbsp;&nbsp;&nbsp;&nbsp;&nbsp;&nbsp;&nbsp;&nbsp;&nbsp;&nbsp;&nbsp;&nbsp;&nbsp;&nbsp;&nbsp;&nbsp;&nbsp;&nbsp;&nbsp;&nbsp;&nbsp;&nbsp;&nbsp;&nbsp;&nbsp;&nbsp;&nbsp;&nbsp;&nbsp;&nbsp;&nbsp;&nbsp;&nbsp;&nbsp;&nbsp;&nbsp;&nbsp;&nbsp;&nbsp;<\/p>\n\n\n\n<p class=\"wp-block-paragraph\">Solicitar subvenciones y recabar cualquier tipo de apoyo, incluso financiero, con el objeto de alcanzar los fines de la asociaci\u00f3n, entre los diferentes organismos oficiales de su \u00e1mbito de desarrollo.&nbsp;&nbsp;&nbsp;&nbsp;&nbsp;&nbsp;&nbsp;&nbsp;&nbsp;&nbsp;&nbsp;&nbsp;&nbsp;&nbsp;&nbsp;&nbsp;&nbsp;&nbsp;&nbsp;&nbsp;&nbsp;&nbsp;&nbsp;&nbsp;&nbsp;&nbsp;&nbsp;&nbsp;&nbsp;&nbsp;&nbsp;&nbsp;&nbsp;&nbsp;&nbsp;&nbsp;&nbsp;&nbsp;&nbsp;&nbsp;&nbsp;&nbsp;&nbsp;&nbsp;<\/p>\n\n\n\n<p class=\"wp-block-paragraph\">Fomentar el desarrollo de actividades paralelas entre las distintas agrupaciones que compartan este tipo de fines.&nbsp;&nbsp;&nbsp;&nbsp; Dar a conocer la importancia hist\u00f3rica de las bandas y m\u00fasica rock en la tradici\u00f3n cultural y divulgaci\u00f3n popular, as\u00ed como la funci\u00f3n cultural y social que se puede desarrollar a trav\u00e9s de la difusi\u00f3n p\u00fablica de este tipo de producto cultural.<\/p>\n\n\n\n<h2 class=\"wp-block-heading\">Actividades<\/h2>\n\n\n\n<p class=\"wp-block-paragraph\">Creaci\u00f3n de un espacio propio donde las personas asociadas puedan compartir experiencias, exponer sus ideas e inquietudes referidas a cualquier aspecto relacionado con la m\u00fasica rock.&nbsp;&nbsp;&nbsp;&nbsp;&nbsp;&nbsp;&nbsp;&nbsp;&nbsp;&nbsp;&nbsp;&nbsp;&nbsp;&nbsp;&nbsp;&nbsp;&nbsp;&nbsp;&nbsp;&nbsp;&nbsp;&nbsp;&nbsp;&nbsp;&nbsp;&nbsp;&nbsp;&nbsp;&nbsp;&nbsp;&nbsp;&nbsp;&nbsp;&nbsp;&nbsp;&nbsp;&nbsp;&nbsp;&nbsp;&nbsp;&nbsp;&nbsp;&nbsp;&nbsp;&nbsp;&nbsp;&nbsp;&nbsp;&nbsp;&nbsp;&nbsp;&nbsp;&nbsp;&nbsp;&nbsp;&nbsp;<\/p>\n\n\n\n<p class=\"wp-block-paragraph\">Participaci\u00f3n de las personas asociadas en la creaci\u00f3n musical y cultural relacionada con la m\u00fasica rock.<\/p>\n\n\n\n<p class=\"wp-block-paragraph\">Creaci\u00f3n de un espacio en el que practicar la interpretaci\u00f3n de los temas musicales seleccionados como representativos de la m\u00fasica rock a lo largo de su historia.&nbsp;&nbsp;&nbsp;&nbsp;&nbsp;&nbsp;&nbsp;&nbsp;&nbsp;&nbsp;&nbsp;&nbsp;&nbsp;&nbsp;&nbsp;&nbsp;&nbsp;&nbsp;&nbsp;&nbsp;&nbsp;&nbsp;&nbsp;&nbsp;&nbsp;&nbsp;&nbsp;&nbsp;&nbsp;&nbsp;&nbsp;&nbsp;&nbsp;&nbsp;&nbsp;&nbsp;&nbsp;&nbsp;&nbsp;&nbsp;&nbsp;&nbsp;&nbsp;&nbsp;&nbsp;&nbsp;&nbsp;&nbsp;&nbsp;&nbsp;&nbsp;&nbsp;&nbsp;&nbsp;&nbsp;&nbsp;&nbsp;&nbsp;&nbsp;&nbsp;&nbsp;&nbsp;&nbsp;&nbsp;&nbsp;&nbsp;&nbsp;&nbsp;&nbsp;&nbsp;&nbsp;&nbsp;&nbsp;&nbsp;&nbsp;&nbsp;&nbsp;&nbsp;&nbsp;&nbsp;&nbsp;&nbsp;&nbsp;&nbsp;<\/p>\n\n\n\n<p class=\"wp-block-paragraph\">Organizaci\u00f3n de estrategias para la defensa de intereses colectivos de la asociaci\u00f3n y de sus miembros.&nbsp;&nbsp;<\/p>\n\n\n\n<p class=\"wp-block-paragraph\">Informaci\u00f3n y divulgaci\u00f3n de las actividades desarrolladas por la asociaci\u00f3n.&nbsp;&nbsp;&nbsp;&nbsp;&nbsp;&nbsp;&nbsp;&nbsp;&nbsp;&nbsp;&nbsp;&nbsp;&nbsp;&nbsp;&nbsp;&nbsp;&nbsp;&nbsp;&nbsp;&nbsp;&nbsp;&nbsp;&nbsp;&nbsp;&nbsp;&nbsp;&nbsp;&nbsp;&nbsp;&nbsp;&nbsp;&nbsp;&nbsp;&nbsp;&nbsp;&nbsp;&nbsp;&nbsp;&nbsp;&nbsp;&nbsp;&nbsp;&nbsp;&nbsp;&nbsp;&nbsp;&nbsp;&nbsp;&nbsp;&nbsp;&nbsp;<\/p>\n\n\n\n<p class=\"wp-block-paragraph\">Promoci\u00f3n de actividades de colaboraci\u00f3n entre las agrupaciones y los diferentes organismos oficiales.&nbsp;&nbsp;<\/p>\n\n\n\n<p class=\"wp-block-paragraph\">Colaboraci\u00f3n en la toma de contacto entre directores y artistas para poder trasladar si es conveniente alguna actividad o concierto a trav\u00e9s de las distintas Bandas.&nbsp;&nbsp;&nbsp;&nbsp;&nbsp;&nbsp;&nbsp;&nbsp;&nbsp;&nbsp;&nbsp;&nbsp;&nbsp;&nbsp;&nbsp;&nbsp;&nbsp;&nbsp;&nbsp;&nbsp;&nbsp;&nbsp;&nbsp;&nbsp;&nbsp;&nbsp;&nbsp;&nbsp;&nbsp;&nbsp;&nbsp;&nbsp;&nbsp;&nbsp;&nbsp;&nbsp;&nbsp;&nbsp;&nbsp;&nbsp;&nbsp;&nbsp;&nbsp;&nbsp;&nbsp;&nbsp;&nbsp;&nbsp;&nbsp;&nbsp;&nbsp;&nbsp;&nbsp;&nbsp;&nbsp;&nbsp;&nbsp;&nbsp;&nbsp;&nbsp;&nbsp;&nbsp;&nbsp;&nbsp;&nbsp;&nbsp;&nbsp;&nbsp;&nbsp;&nbsp;&nbsp;&nbsp;&nbsp;&nbsp;&nbsp;&nbsp;&nbsp;&nbsp;&nbsp;&nbsp;&nbsp;&nbsp;&nbsp;&nbsp;&nbsp;&nbsp;&nbsp;&nbsp;&nbsp;&nbsp;&nbsp;&nbsp;&nbsp;&nbsp;&nbsp;&nbsp;&nbsp;&nbsp;&nbsp;&nbsp;&nbsp;&nbsp;&nbsp;&nbsp;&nbsp;&nbsp;&nbsp;&nbsp;&nbsp;&nbsp;<\/p>\n\n\n\n<p class=\"wp-block-paragraph\">Organizaci\u00f3n de eventos o actividades que permitan divulgar la labor de la asociaci\u00f3n y de agrupaciones colaboradoras.&nbsp;&nbsp;&nbsp;&nbsp;&nbsp;&nbsp;&nbsp;&nbsp;&nbsp;&nbsp;&nbsp;&nbsp;&nbsp;&nbsp;&nbsp;&nbsp;&nbsp;&nbsp;&nbsp;&nbsp;&nbsp;&nbsp;&nbsp;&nbsp;&nbsp;&nbsp;&nbsp;&nbsp;&nbsp;&nbsp;&nbsp;&nbsp;&nbsp;&nbsp;&nbsp;&nbsp;&nbsp;&nbsp;&nbsp;&nbsp;&nbsp;&nbsp;&nbsp;&nbsp;&nbsp;&nbsp;&nbsp;&nbsp;&nbsp;&nbsp;&nbsp;&nbsp;&nbsp;&nbsp;&nbsp;&nbsp;&nbsp;&nbsp;&nbsp;&nbsp;&nbsp;&nbsp;&nbsp;&nbsp;&nbsp;&nbsp;&nbsp;&nbsp;&nbsp;&nbsp;&nbsp;&nbsp;&nbsp;&nbsp;&nbsp;&nbsp;&nbsp;&nbsp;&nbsp;&nbsp;&nbsp;&nbsp;&nbsp;&nbsp;&nbsp;&nbsp;&nbsp;&nbsp;&nbsp;&nbsp;&nbsp;&nbsp;&nbsp;&nbsp;&nbsp;&nbsp;&nbsp;&nbsp;&nbsp;&nbsp;&nbsp;&nbsp;&nbsp;&nbsp;&nbsp;&nbsp;&nbsp;&nbsp;&nbsp;&nbsp;&nbsp;&nbsp;&nbsp;&nbsp;&nbsp;&nbsp;&nbsp;&nbsp;&nbsp;&nbsp;&nbsp;&nbsp;&nbsp;&nbsp;&nbsp;&nbsp;&nbsp;&nbsp;&nbsp;&nbsp;&nbsp;&nbsp;&nbsp;&nbsp;&nbsp;&nbsp;&nbsp;&nbsp;&nbsp;&nbsp;&nbsp;&nbsp;&nbsp;&nbsp;&nbsp;&nbsp;&nbsp;&nbsp;&nbsp;&nbsp;&nbsp;&nbsp;&nbsp;&nbsp;&nbsp;&nbsp;&nbsp;&nbsp;&nbsp;&nbsp;&nbsp;<\/p>\n\n\n\n<p class=\"wp-block-paragraph\">Promoci\u00f3n y difusi\u00f3n a trav\u00e9s de los distintos medios audiovisuales de las actividades de la asociaci\u00f3n.&nbsp;&nbsp;&nbsp;&nbsp;<\/p>\n\n\n\n<h2 class=\"wp-block-heading\">Cookies<\/h2>\n\n\n\n<p class=\"wp-block-paragraph\">No utilizamos cookies. Somos m\u00e1s de cervezas.<\/p>\n\n\n\n<h2 class=\"wp-block-heading\">Contrataci\u00f3n<\/h2>\n\n\n\n<p class=\"wp-block-paragraph\">Nos puedes encontrar en:<\/p>\n\n\n\n<p class=\"wp-block-paragraph\">Tel\u00e9fonos: <strong>665044212 y 665704855<\/strong><\/p>\n\n\n\n<p class=\"wp-block-paragraph\"><strong>Nuestra p\u00e1gina web es: https:\/\/kontraband.eu<\/strong><\/p>\n\n\n\n<p class=\"wp-block-paragraph\">Correo electr\u00f3nico: <strong>amkontraband@gmail.com<\/strong><\/p>\n\n\n\n<p class=\"wp-block-paragraph\"><strong>Zumalakarregi kalea 1, Pasai-Antxo, (GIPUZKOA)<\/strong><\/p>\n\n\n\n<p class=\"wp-block-paragraph\"> CIF.: <strong>G10849792<\/strong><\/p>\n\n\n\n<p class=\"wp-block-paragraph\"><\/p>\n","protected":false},"excerpt":{"rendered":"<p>Quienes somos Asociaci\u00f3n musical K\u00d8NTRAB\u00c4ND : KONTRABAND tiene la forma jur\u00eddica de Asociaci\u00f3n Musical sin \u00e1nimo de lucro. Decidimos constituirnos con la forma de asociaci\u00f3n porque es el tipo de agrupaci\u00f3n que m\u00e1s se aproxima a los objetivos que tenemos. Con el nombre de&nbsp; ASOCIACI\u00d3N MUSICAL K\u00d8NTRAB\u00c4ND se constituye una Asociaci\u00f3n sin \u00e1nimo de lucro, &hellip; <\/p>\n<p class=\"link-more\"><a href=\"https:\/\/kontraband.eu\/?page_id=3\" class=\"more-link\">Continuar leyendo<span class=\"screen-reader-text\"> \u00abPol\u00edtica de privacidad\u00bb<\/span><\/a><\/p>\n","protected":false},"author":1,"featured_media":0,"parent":0,"menu_order":0,"comment_status":"closed","ping_status":"open","template":"","meta":{"footnotes":""},"class_list":["post-3","page","type-page","status-publish","hentry"],"yoast_head":"<!-- This site is optimized with the Yoast SEO plugin v28.0 - https:\/\/yoast.com\/product\/yoast-seo-wordpress\/ -->\n<title>Pol\u00edtica de privacidad - K\u00d8NTRAB\u00c4ND<\/title>\n<meta name=\"robots\" content=\"index, follow, max-snippet:-1, max-image-preview:large, max-video-preview:-1\" \/>\n<link rel=\"canonical\" href=\"https:\/\/kontraband.eu\/?page_id=3\" \/>\n<meta property=\"og:locale\" content=\"es_ES\" \/>\n<meta property=\"og:type\" content=\"article\" \/>\n<meta property=\"og:title\" content=\"Pol\u00edtica de privacidad - K\u00d8NTRAB\u00c4ND\" \/>\n<meta property=\"og:description\" content=\"Quienes somos Asociaci\u00f3n musical K\u00d8NTRAB\u00c4ND : KONTRABAND tiene la forma jur\u00eddica de Asociaci\u00f3n Musical sin \u00e1nimo de lucro. Decidimos constituirnos con la forma de asociaci\u00f3n porque es el tipo de agrupaci\u00f3n que m\u00e1s se aproxima a los objetivos que tenemos. Con el nombre de&nbsp; ASOCIACI\u00d3N MUSICAL K\u00d8NTRAB\u00c4ND se constituye una Asociaci\u00f3n sin \u00e1nimo de lucro, &hellip; Continuar leyendo &quot;Pol\u00edtica de privacidad&quot;\" \/>\n<meta property=\"og:url\" content=\"https:\/\/kontraband.eu\/?page_id=3\" \/>\n<meta property=\"og:site_name\" content=\"K\u00d8NTRAB\u00c4ND\" \/>\n<meta property=\"article:publisher\" content=\"https:\/\/www.facebook.com\/profile.php?id=100063531371432\" \/>\n<meta property=\"article:modified_time\" content=\"2024-12-09T12:49:43+00:00\" \/>\n<meta name=\"twitter:card\" content=\"summary_large_image\" \/>\n<meta name=\"twitter:label1\" content=\"Tiempo de lectura\" \/>\n\t<meta name=\"twitter:data1\" content=\"6 minutos\" \/>\n<script type=\"application\/ld+json\" class=\"yoast-schema-graph\">{\"@context\":\"https:\\\/\\\/schema.org\",\"@graph\":[{\"@type\":\"WebPage\",\"@id\":\"https:\\\/\\\/kontraband.eu\\\/?page_id=3\",\"url\":\"https:\\\/\\\/kontraband.eu\\\/?page_id=3\",\"name\":\"Pol\u00edtica de privacidad - K\u00d8NTRAB\u00c4ND\",\"isPartOf\":{\"@id\":\"https:\\\/\\\/kontraband.eu\\\/#website\"},\"datePublished\":\"2024-12-08T13:53:56+00:00\",\"dateModified\":\"2024-12-09T12:49:43+00:00\",\"breadcrumb\":{\"@id\":\"https:\\\/\\\/kontraband.eu\\\/?page_id=3#breadcrumb\"},\"inLanguage\":\"es\",\"potentialAction\":[{\"@type\":\"ReadAction\",\"target\":[\"https:\\\/\\\/kontraband.eu\\\/?page_id=3\"]}]},{\"@type\":\"BreadcrumbList\",\"@id\":\"https:\\\/\\\/kontraband.eu\\\/?page_id=3#breadcrumb\",\"itemListElement\":[{\"@type\":\"ListItem\",\"position\":1,\"name\":\"Portada\",\"item\":\"https:\\\/\\\/kontraband.eu\\\/\"},{\"@type\":\"ListItem\",\"position\":2,\"name\":\"Pol\u00edtica de privacidad\"}]},{\"@type\":\"WebSite\",\"@id\":\"https:\\\/\\\/kontraband.eu\\\/#website\",\"url\":\"https:\\\/\\\/kontraband.eu\\\/\",\"name\":\"KONTRABAND\",\"description\":\"heavy rock en estado puro\",\"publisher\":{\"@id\":\"https:\\\/\\\/kontraband.eu\\\/#organization\"},\"potentialAction\":[{\"@type\":\"SearchAction\",\"target\":{\"@type\":\"EntryPoint\",\"urlTemplate\":\"https:\\\/\\\/kontraband.eu\\\/?s={search_term_string}\"},\"query-input\":{\"@type\":\"PropertyValueSpecification\",\"valueRequired\":true,\"valueName\":\"search_term_string\"}}],\"inLanguage\":\"es\"},{\"@type\":\"Organization\",\"@id\":\"https:\\\/\\\/kontraband.eu\\\/#organization\",\"name\":\"Asociaci\u00f3n Musical Kontraband\",\"url\":\"https:\\\/\\\/kontraband.eu\\\/\",\"logo\":{\"@type\":\"ImageObject\",\"inLanguage\":\"es\",\"@id\":\"https:\\\/\\\/kontraband.eu\\\/#\\\/schema\\\/logo\\\/image\\\/\",\"url\":\"https:\\\/\\\/kontraband.eu\\\/wp-content\\\/uploads\\\/2024\\\/12\\\/logo-sin-fondo-2-e1733756824107.png\",\"contentUrl\":\"https:\\\/\\\/kontraband.eu\\\/wp-content\\\/uploads\\\/2024\\\/12\\\/logo-sin-fondo-2-e1733756824107.png\",\"width\":1000,\"height\":1165,\"caption\":\"Asociaci\u00f3n Musical Kontraband\"},\"image\":{\"@id\":\"https:\\\/\\\/kontraband.eu\\\/#\\\/schema\\\/logo\\\/image\\\/\"},\"sameAs\":[\"https:\\\/\\\/www.facebook.com\\\/profile.php?id=100063531371432\"]}]}<\/script>\n<!-- \/ Yoast SEO plugin. -->","yoast_head_json":{"title":"Pol\u00edtica de privacidad - K\u00d8NTRAB\u00c4ND","robots":{"index":"index","follow":"follow","max-snippet":"max-snippet:-1","max-image-preview":"max-image-preview:large","max-video-preview":"max-video-preview:-1"},"canonical":"https:\/\/kontraband.eu\/?page_id=3","og_locale":"es_ES","og_type":"article","og_title":"Pol\u00edtica de privacidad - K\u00d8NTRAB\u00c4ND","og_description":"Quienes somos Asociaci\u00f3n musical K\u00d8NTRAB\u00c4ND : KONTRABAND tiene la forma jur\u00eddica de Asociaci\u00f3n Musical sin \u00e1nimo de lucro. Decidimos constituirnos con la forma de asociaci\u00f3n porque es el tipo de agrupaci\u00f3n que m\u00e1s se aproxima a los objetivos que tenemos. Con el nombre de&nbsp; ASOCIACI\u00d3N MUSICAL K\u00d8NTRAB\u00c4ND se constituye una Asociaci\u00f3n sin \u00e1nimo de lucro, &hellip; Continuar leyendo \"Pol\u00edtica de privacidad\"","og_url":"https:\/\/kontraband.eu\/?page_id=3","og_site_name":"K\u00d8NTRAB\u00c4ND","article_publisher":"https:\/\/www.facebook.com\/profile.php?id=100063531371432","article_modified_time":"2024-12-09T12:49:43+00:00","twitter_card":"summary_large_image","twitter_misc":{"Tiempo de lectura":"6 minutos"},"schema":{"@context":"https:\/\/schema.org","@graph":[{"@type":"WebPage","@id":"https:\/\/kontraband.eu\/?page_id=3","url":"https:\/\/kontraband.eu\/?page_id=3","name":"Pol\u00edtica de privacidad - K\u00d8NTRAB\u00c4ND","isPartOf":{"@id":"https:\/\/kontraband.eu\/#website"},"datePublished":"2024-12-08T13:53:56+00:00","dateModified":"2024-12-09T12:49:43+00:00","breadcrumb":{"@id":"https:\/\/kontraband.eu\/?page_id=3#breadcrumb"},"inLanguage":"es","potentialAction":[{"@type":"ReadAction","target":["https:\/\/kontraband.eu\/?page_id=3"]}]},{"@type":"BreadcrumbList","@id":"https:\/\/kontraband.eu\/?page_id=3#breadcrumb","itemListElement":[{"@type":"ListItem","position":1,"name":"Portada","item":"https:\/\/kontraband.eu\/"},{"@type":"ListItem","position":2,"name":"Pol\u00edtica de privacidad"}]},{"@type":"WebSite","@id":"https:\/\/kontraband.eu\/#website","url":"https:\/\/kontraband.eu\/","name":"KONTRABAND","description":"heavy rock en estado puro","publisher":{"@id":"https:\/\/kontraband.eu\/#organization"},"potentialAction":[{"@type":"SearchAction","target":{"@type":"EntryPoint","urlTemplate":"https:\/\/kontraband.eu\/?s={search_term_string}"},"query-input":{"@type":"PropertyValueSpecification","valueRequired":true,"valueName":"search_term_string"}}],"inLanguage":"es"},{"@type":"Organization","@id":"https:\/\/kontraband.eu\/#organization","name":"Asociaci\u00f3n Musical Kontraband","url":"https:\/\/kontraband.eu\/","logo":{"@type":"ImageObject","inLanguage":"es","@id":"https:\/\/kontraband.eu\/#\/schema\/logo\/image\/","url":"https:\/\/kontraband.eu\/wp-content\/uploads\/2024\/12\/logo-sin-fondo-2-e1733756824107.png","contentUrl":"https:\/\/kontraband.eu\/wp-content\/uploads\/2024\/12\/logo-sin-fondo-2-e1733756824107.png","width":1000,"height":1165,"caption":"Asociaci\u00f3n Musical Kontraband"},"image":{"@id":"https:\/\/kontraband.eu\/#\/schema\/logo\/image\/"},"sameAs":["https:\/\/www.facebook.com\/profile.php?id=100063531371432"]}]}},"_links":{"self":[{"href":"https:\/\/kontraband.eu\/index.php?rest_route=\/wp\/v2\/pages\/3","targetHints":{"allow":["GET"]}}],"collection":[{"href":"https:\/\/kontraband.eu\/index.php?rest_route=\/wp\/v2\/pages"}],"about":[{"href":"https:\/\/kontraband.eu\/index.php?rest_route=\/wp\/v2\/types\/page"}],"author":[{"embeddable":true,"href":"https:\/\/kontraband.eu\/index.php?rest_route=\/wp\/v2\/users\/1"}],"replies":[{"embeddable":true,"href":"https:\/\/kontraband.eu\/index.php?rest_route=%2Fwp%2Fv2%2Fcomments&post=3"}],"version-history":[{"count":3,"href":"https:\/\/kontraband.eu\/index.php?rest_route=\/wp\/v2\/pages\/3\/revisions"}],"predecessor-version":[{"id":92,"href":"https:\/\/kontraband.eu\/index.php?rest_route=\/wp\/v2\/pages\/3\/revisions\/92"}],"wp:attachment":[{"href":"https:\/\/kontraband.eu\/index.php?rest_route=%2Fwp%2Fv2%2Fmedia&parent=3"}],"curies":[{"name":"wp","href":"https:\/\/api.w.org\/{rel}","templated":true}]}}